{"id":452,"date":"2023-06-11T19:59:54","date_gmt":"2023-06-11T17:59:54","guid":{"rendered":"https:\/\/glortex.eu\/?page_id=452"},"modified":"2026-03-07T11:34:05","modified_gmt":"2026-03-07T10:34:05","slug":"environmentalna-politika","status":"publish","type":"page","link":"https:\/\/glortex.eu\/sk\/zivotne-prostredie\/environmentalna-politika\/","title":{"rendered":"Environment\u00e1lna politika"},"content":{"rendered":"<p>[et_pb_section fb_built=&#8220;1&#8243; admin_label=&#8220;Header&#8220; _builder_version=&#8220;4.21.0&#8243; _module_preset=&#8220;default&#8220; custom_padding=&#8220;||0px||false|false&#8220; collapsed=&#8220;on&#8220; global_colors_info=&#8220;{}&#8220;][et_pb_row _builder_version=&#8220;4.21.0&#8243; _module_preset=&#8220;default&#8220; global_colors_info=&#8220;{}&#8220;][et_pb_column type=&#8220;4_4&#8243; _builder_version=&#8220;4.21.0&#8243; _module_preset=&#8220;default&#8220; global_colors_info=&#8220;{}&#8220;][et_pb_text _builder_version=&#8220;4.21.2&#8243; _module_preset=&#8220;3e05c07b-dff5-46b3-be33-56295756b028&#8243; header_4_text_color=&#8220;gcid-b25270ff-80a4-43b3-b4f7-60812cb04374&#8243; text_orientation=&#8220;center&#8220; global_colors_info=&#8220;{%22gcid-b25270ff-80a4-43b3-b4f7-60812cb04374%22:%91%22header_4_text_color%22%93}&#8220;]<\/p>\n<h4>\u017divotn\u00e9 prostredie<\/h4>\n<p>[\/et_pb_text][et_pb_text _builder_version=&#8220;4.21.2&#8243; _module_preset=&#8220;09037f4f-e6de-44a0-ad46-0f2627b04cae&#8220; text_orientation=&#8220;center&#8220; global_colors_info=&#8220;{}&#8220;]<\/p>\n<h1>Environment\u00e1lna politika<\/h1>\n<p>[\/et_pb_text][\/et_pb_column][\/et_pb_row][\/et_pb_section][et_pb_section fb_built=&#8220;1&#8243; admin_label=&#8220;Project&#8220; _builder_version=&#8220;4.21.0&#8243; _module_preset=&#8220;default&#8220; custom_padding=&#8220;0px|||||&#8220; locked=&#8220;off&#8220; collapsed=&#8220;on&#8220; global_colors_info=&#8220;{}&#8220;][et_pb_row _builder_version=&#8220;4.21.0&#8243; _module_preset=&#8220;default&#8220; global_colors_info=&#8220;{}&#8220;][et_pb_column type=&#8220;4_4&#8243; _builder_version=&#8220;4.21.0&#8243; _module_preset=&#8220;default&#8220; global_colors_info=&#8220;{}&#8220;][et_pb_image src=&#8220;https:\/\/glortex.eu\/wp-content\/uploads\/2023\/08\/creative-marketing-23.png&#8220; title_text=&#8220;creative-marketing-23&#8243; _builder_version=&#8220;4.21.0&#8243; _module_preset=&#8220;default&#8220; border_radii=&#8220;on|10px|10px|10px|10px&#8220; global_colors_info=&#8220;{}&#8220;][\/et_pb_image][\/et_pb_column][\/et_pb_row][et_pb_row _builder_version=&#8220;4.21.0&#8243; _module_preset=&#8220;default&#8220; global_colors_info=&#8220;{}&#8220;][et_pb_column type=&#8220;4_4&#8243; _builder_version=&#8220;4.21.0&#8243; _module_preset=&#8220;default&#8220; global_colors_info=&#8220;{}&#8220;][et_pb_text _builder_version=&#8220;4.21.2&#8243; _module_preset=&#8220;b3e6f29c-0a7c-4f40-92c7-ab26f807760b&#8220; custom_margin=&#8220;||10px||false|false&#8220; global_colors_info=&#8220;{}&#8220;]<\/p>\n<h2>Environment\u00e1lna politika vo firme<\/h2>\n<p>[\/et_pb_text][et_pb_text _builder_version=&#8220;4.21.2&#8243; _module_preset=&#8220;b85a8c2d-2931-4159-a1b7-43a8bcfa9f6c&#8220; global_colors_info=&#8220;{}&#8220;]<\/p>\n<p>Prioritn\u00fdm z\u00e1ujmom vedenia firmy Glortex a.s. je uspokojovanie potrieb z\u00e1kazn\u00edkov poskytovan\u00edm kvalitn\u00fdch slu\u017eieb a v\u00fdrobkov, trval\u00fd ekonomick\u00fd rast a prosperita spolo\u010dnosti s minim\u00e1lnym negat\u00edvnym dopadom na \u017eivotn\u00e9 prostredie.<br \/>V s\u00falade s t\u00fdmto z\u00e1merom sa vedenie firmy pri svojich \u010dinnostiach: v\u00fdrobe metylesteru repky olejnej:<\/p>\n<ul>\n<li>Vybudova\u0165, udr\u017eiava\u0165 a zlep\u0161ova\u0165 syst\u00e9m environment\u00e1lneho mana\u017e\u00e9rstva v s\u00falade po\u017eiadavkami STN EN ISO 14001:2005,<\/li>\n<li>Monitorova\u0165 a minimalizova\u0165 environment\u00e1lne vplyvy a zni\u017eova\u0165 tvorbu odpadov vznikaj\u00facich pri \u010dinnostiach firmy,<\/li>\n<li>Prehlbova\u0165 a orientova\u0165 sa na prevenciu zne\u010dis\u0165ovania \u017eivotn\u00e9ho prostredia,<\/li>\n<li>Podporova\u0165 efekt\u00edvne vyu\u017e\u00edvanie vstupn\u00fdch materi\u00e1lov a energi\u00ed,<\/li>\n<li>Dodr\u017eiava\u0165 z\u00e1v\u00e4zky vypl\u00fdvaj\u00face z platnej environment\u00e1lnej a inej legislat\u00edvy,<\/li>\n<li>Neust\u00e1le zvy\u0161ovanie environment\u00e1lneho povedomia a zodpovednosti zamestnancov,<\/li>\n<li>Komunikova\u0165 a spolupracova\u0165 s verejnos\u0165ou a s org\u00e1nmi \u0161t\u00e1tnej spr\u00e1vy a samospr\u00e1vy v oblasti ochrany a tvorby \u017eivotn\u00e9ho prostredia,<\/li>\n<li>Podporova\u0165 prijatie t\u00fdchto z\u00e1sad dod\u00e1vate\u013emi a obchodn\u00fdmi partnermi.<\/li>\n<\/ul>\n<p>Environment\u00e1lna politika je s\u00fa\u010das\u0165ou strategick\u00fdch cie\u013eov spolo\u010dnosti a realizuje sa na jej v\u0161etk\u00fdch \u00farovniach. Re\u0161pektova\u0165 vyhl\u00e1sen\u00fa environment\u00e1lnu politiku v plnom rozsahu je povinnos\u0165ou v\u0161etk\u00fdch pracovn\u00edkov.<\/p>\n<p>[\/et_pb_text][\/et_pb_column][\/et_pb_row][et_pb_row column_structure=&#8220;1_2,1_2&#8243; _builder_version=&#8220;4.21.0&#8243; _module_preset=&#8220;default&#8220; global_colors_info=&#8220;{}&#8220;][et_pb_column type=&#8220;1_2&#8243; _builder_version=&#8220;4.21.0&#8243; _module_preset=&#8220;default&#8220; global_colors_info=&#8220;{}&#8220;][et_pb_image src=&#8220;https:\/\/glortex.eu\/wp-content\/uploads\/2023\/08\/graf-1.jpg&#8220; title_text=&#8220;graf-1&#8243; _builder_version=&#8220;4.21.2&#8243; _module_preset=&#8220;default&#8220; global_colors_info=&#8220;{}&#8220;][\/et_pb_image][\/et_pb_column][et_pb_column type=&#8220;1_2&#8243; _builder_version=&#8220;4.21.0&#8243; _module_preset=&#8220;default&#8220; global_colors_info=&#8220;{}&#8220;][et_pb_image src=&#8220;https:\/\/glortex.eu\/wp-content\/uploads\/2023\/08\/graf-2.jpg&#8220; title_text=&#8220;graf-2&#8243; _builder_version=&#8220;4.21.2&#8243; _module_preset=&#8220;default&#8220; global_colors_info=&#8220;{}&#8220;][\/et_pb_image][\/et_pb_column][\/et_pb_row][et_pb_row column_structure=&#8220;1_2,1_2&#8243; _builder_version=&#8220;4.21.0&#8243; _module_preset=&#8220;default&#8220; global_colors_info=&#8220;{}&#8220;][et_pb_column type=&#8220;1_2&#8243; _builder_version=&#8220;4.21.0&#8243; _module_preset=&#8220;default&#8220; global_colors_info=&#8220;{}&#8220;][et_pb_image src=&#8220;https:\/\/glortex.eu\/wp-content\/uploads\/2023\/08\/graf-3.jpg&#8220; title_text=&#8220;graf-3&#8243; _builder_version=&#8220;4.21.2&#8243; _module_preset=&#8220;default&#8220; global_colors_info=&#8220;{}&#8220;][\/et_pb_image][\/et_pb_column][et_pb_column type=&#8220;1_2&#8243; _builder_version=&#8220;4.21.0&#8243; _module_preset=&#8220;default&#8220; global_colors_info=&#8220;{}&#8220;][et_pb_image src=&#8220;https:\/\/glortex.eu\/wp-content\/uploads\/2023\/08\/graf-4.jpg&#8220; alt=&#8220;graf-4&#8243; title_text=&#8220;graf-4&#8243; _builder_version=&#8220;4.21.2&#8243; _module_preset=&#8220;default&#8220; global_colors_info=&#8220;{}&#8220;][\/et_pb_image][\/et_pb_column][\/et_pb_row][et_pb_row column_structure=&#8220;1_2,1_2&#8243; _builder_version=&#8220;4.21.0&#8243; _module_preset=&#8220;default&#8220; global_colors_info=&#8220;{}&#8220;][et_pb_column type=&#8220;1_2&#8243; _builder_version=&#8220;4.21.0&#8243; _module_preset=&#8220;default&#8220; global_colors_info=&#8220;{}&#8220;][et_pb_image src=&#8220;https:\/\/glortex.eu\/wp-content\/uploads\/2024\/07\/graf_2023.jpg&#8220; alt=&#8220;graf 2023&#8243; title_text=&#8220;graf_2023&#8243; _builder_version=&#8220;4.26.1&#8243; _module_preset=&#8220;default&#8220; global_colors_info=&#8220;{}&#8220;][\/et_pb_image][\/et_pb_column][et_pb_column type=&#8220;1_2&#8243; _builder_version=&#8220;4.21.0&#8243; _module_preset=&#8220;default&#8220; global_colors_info=&#8220;{}&#8220;][et_pb_image src=&#8220;https:\/\/glortex.eu\/wp-content\/uploads\/2025\/02\/graf_2024.jpg&#8220; alt=&#8220;graf&#8220; title_text=&#8220;graf_2024&#8243; _builder_version=&#8220;4.27.4&#8243; _module_preset=&#8220;default&#8220; global_colors_info=&#8220;{}&#8220;][\/et_pb_image][\/et_pb_column][\/et_pb_row][et_pb_row column_structure=&#8220;1_2,1_2&#8243; _builder_version=&#8220;4.21.0&#8243; _module_preset=&#8220;default&#8220; global_colors_info=&#8220;{}&#8220;][et_pb_column type=&#8220;1_2&#8243; _builder_version=&#8220;4.21.0&#8243; _module_preset=&#8220;default&#8220; global_colors_info=&#8220;{}&#8220;][et_pb_image src=&#8220;https:\/\/glortex.eu\/wp-content\/uploads\/2026\/03\/graf_2025.png&#8220; alt=&#8220;graf 2023&#8243; title_text=&#8220;graf_2025&#8243; _builder_version=&#8220;4.27.6&#8243; _module_preset=&#8220;default&#8220; hover_enabled=&#8220;0&#8243; global_colors_info=&#8220;{}&#8220; sticky_enabled=&#8220;0&#8243;][\/et_pb_image][\/et_pb_column][et_pb_column type=&#8220;1_2&#8243; _builder_version=&#8220;4.21.0&#8243; _module_preset=&#8220;default&#8220; global_colors_info=&#8220;{}&#8220;][\/et_pb_column][\/et_pb_row][et_pb_row column_structure=&#8220;1_2,1_2&#8243; _builder_version=&#8220;4.22.1&#8243; _module_preset=&#8220;default&#8220; global_colors_info=&#8220;{}&#8220;][et_pb_column type=&#8220;1_2&#8243; _builder_version=&#8220;4.22.1&#8243; _module_preset=&#8220;default&#8220; global_colors_info=&#8220;{}&#8220;][et_pb_text _builder_version=&#8220;4.22.2&#8243; _module_preset=&#8220;default&#8220; locked=&#8220;off&#8220; global_colors_info=&#8220;{}&#8220;]<\/p>\n<table class=\"tg\">\n<thead>\n<tr>\n<th class=\"tg-fymr\">Rok<\/th>\n<\/tr>\n<\/thead>\n<tbody>\n<tr>\n<td>2023<\/td>\n<td><a href=\"\/wp-content\/uploads\/2023\/08\/Enviropolitika_18.07.2023-1.pdf\">Enviropolitika 18.07.2023 <img loading=\"lazy\" decoding=\"async\" alt=\"(opens in new tab)\" src=\"\/wp-content\/uploads\/2023\/08\/Adobe-acrobat-adobe-reader-computer-icons-pdf.png\" width=\"30\" height=\"30\" a=\"\" \/><\/a><\/td>\n<\/tr>\n<tr>\n<td>2022<\/td>\n<td><a href=\"\/wp-content\/uploads\/2023\/09\/meranie_emisii.pdf\">Opr\u00e1vnen\u00e9 meranie emisii <img loading=\"lazy\" decoding=\"async\" alt=\"(opens in new tab)\" src=\"\/wp-content\/uploads\/2023\/08\/Adobe-acrobat-adobe-reader-computer-icons-pdf.png\" width=\"30\" height=\"30\" a=\"\" \/><\/a><\/td>\n<\/tr>\n<\/tbody>\n<\/table>\n<p>[\/et_pb_text][\/et_pb_column][et_pb_column type=&#8220;1_2&#8243; _builder_version=&#8220;4.22.1&#8243; _module_preset=&#8220;default&#8220; global_colors_info=&#8220;{}&#8220;][\/et_pb_column][\/et_pb_row][\/et_pb_section]<\/p>\n","protected":false},"excerpt":{"rendered":"<p>\u017divotn\u00e9 prostredieEnvironment\u00e1lna politikaEnvironment\u00e1lna politika vo firmePrioritn\u00fdm z\u00e1ujmom vedenia firmy Glortex a.s. je uspokojovanie potrieb z\u00e1kazn\u00edkov poskytovan\u00edm kvalitn\u00fdch slu\u017eieb a v\u00fdrobkov, trval\u00fd ekonomick\u00fd rast a prosperita spolo\u010dnosti s minim\u00e1lnym negat\u00edvnym dopadom na \u017eivotn\u00e9 prostredie.V s\u00falade s t\u00fdmto z\u00e1merom sa vedenie firmy pri svojich \u010dinnostiach: v\u00fdrobe metylesteru repky olejnej: Vybudova\u0165, udr\u017eiava\u0165 a zlep\u0161ova\u0165 syst\u00e9m environment\u00e1lneho mana\u017e\u00e9rstva v [&hellip;]<\/p>\n","protected":false},"author":1,"featured_media":0,"parent":447,"menu_order":0,"comment_status":"closed","ping_status":"closed","template":"","meta":{"_et_pb_use_builder":"on","_et_pb_old_content":"<!-- wp:divi\/placeholder \/-->","_et_gb_content_width":"","footnotes":""},"class_list":["post-452","page","type-page","status-publish","hentry"],"yoast_head":"<!-- This site is optimized with the Yoast SEO plugin v27.5 - https:\/\/yoast.com\/product\/yoast-seo-wordpress\/ -->\n<title>Environment\u00e1lna politika - Glortex<\/title>\n<meta name=\"robots\" content=\"index, follow, max-snippet:-1, max-image-preview:large, max-video-preview:-1\" \/>\n<link rel=\"canonical\" href=\"https:\/\/glortex.eu\/sk\/zivotne-prostredie\/environmentalna-politika\/\" \/>\n<meta property=\"og:locale\" content=\"sk_SK\" \/>\n<meta property=\"og:type\" content=\"article\" \/>\n<meta property=\"og:title\" content=\"Environment\u00e1lna politika - Glortex\" \/>\n<meta property=\"og:description\" content=\"\u017divotn\u00e9 prostredieEnvironment\u00e1lna politikaEnvironment\u00e1lna politika vo firmePrioritn\u00fdm z\u00e1ujmom vedenia firmy Glortex a.s. je uspokojovanie potrieb z\u00e1kazn\u00edkov poskytovan\u00edm kvalitn\u00fdch slu\u017eieb a v\u00fdrobkov, trval\u00fd ekonomick\u00fd rast a prosperita spolo\u010dnosti s minim\u00e1lnym negat\u00edvnym dopadom na \u017eivotn\u00e9 prostredie.V s\u00falade s t\u00fdmto z\u00e1merom sa vedenie firmy pri svojich \u010dinnostiach: v\u00fdrobe metylesteru repky olejnej: Vybudova\u0165, udr\u017eiava\u0165 a zlep\u0161ova\u0165 syst\u00e9m environment\u00e1lneho mana\u017e\u00e9rstva v [&hellip;]\" \/>\n<meta property=\"og:url\" content=\"https:\/\/glortex.eu\/sk\/zivotne-prostredie\/environmentalna-politika\/\" \/>\n<meta property=\"og:site_name\" content=\"Glortex\" \/>\n<meta property=\"article:modified_time\" content=\"2026-03-07T10:34:05+00:00\" \/>\n<meta name=\"twitter:card\" content=\"summary_large_image\" \/>\n<script type=\"application\/ld+json\" class=\"yoast-schema-graph\">{\"@context\":\"https:\\\/\\\/schema.org\",\"@graph\":[{\"@type\":\"WebPage\",\"@id\":\"https:\\\/\\\/glortex.eu\\\/sk\\\/zivotne-prostredie\\\/environmentalna-politika\\\/\",\"url\":\"https:\\\/\\\/glortex.eu\\\/sk\\\/zivotne-prostredie\\\/environmentalna-politika\\\/\",\"name\":\"Environment\u00e1lna politika - Glortex\",\"isPartOf\":{\"@id\":\"https:\\\/\\\/glortex.eu\\\/sk\\\/#website\"},\"datePublished\":\"2023-06-11T17:59:54+00:00\",\"dateModified\":\"2026-03-07T10:34:05+00:00\",\"breadcrumb\":{\"@id\":\"https:\\\/\\\/glortex.eu\\\/sk\\\/zivotne-prostredie\\\/environmentalna-politika\\\/#breadcrumb\"},\"inLanguage\":\"sk-SK\",\"potentialAction\":[{\"@type\":\"ReadAction\",\"target\":[\"https:\\\/\\\/glortex.eu\\\/sk\\\/zivotne-prostredie\\\/environmentalna-politika\\\/\"]}]},{\"@type\":\"BreadcrumbList\",\"@id\":\"https:\\\/\\\/glortex.eu\\\/sk\\\/zivotne-prostredie\\\/environmentalna-politika\\\/#breadcrumb\",\"itemListElement\":[{\"@type\":\"ListItem\",\"position\":1,\"name\":\"Home\",\"item\":\"https:\\\/\\\/glortex.eu\\\/sk\\\/\"},{\"@type\":\"ListItem\",\"position\":2,\"name\":\"\u017divotn\u00e9 prostredie\",\"item\":\"https:\\\/\\\/glortex.eu\\\/sk\\\/zivotne-prostredie\\\/\"},{\"@type\":\"ListItem\",\"position\":3,\"name\":\"Environment\u00e1lna politika\"}]},{\"@type\":\"WebSite\",\"@id\":\"https:\\\/\\\/glortex.eu\\\/sk\\\/#website\",\"url\":\"https:\\\/\\\/glortex.eu\\\/sk\\\/\",\"name\":\"Glortex\",\"description\":\"High grade, sustainable Fatty Acid Methyl Esters. Better, cleaner and safer world for future generations\",\"potentialAction\":[{\"@type\":\"SearchAction\",\"target\":{\"@type\":\"EntryPoint\",\"urlTemplate\":\"https:\\\/\\\/glortex.eu\\\/sk\\\/?s={search_term_string}\"},\"query-input\":{\"@type\":\"PropertyValueSpecification\",\"valueRequired\":true,\"valueName\":\"search_term_string\"}}],\"inLanguage\":\"sk-SK\"}]}<\/script>\n<!-- \/ Yoast SEO plugin. -->","yoast_head_json":{"title":"Environment\u00e1lna politika - Glortex","robots":{"index":"index","follow":"follow","max-snippet":"max-snippet:-1","max-image-preview":"max-image-preview:large","max-video-preview":"max-video-preview:-1"},"canonical":"https:\/\/glortex.eu\/sk\/zivotne-prostredie\/environmentalna-politika\/","og_locale":"sk_SK","og_type":"article","og_title":"Environment\u00e1lna politika - Glortex","og_description":"\u017divotn\u00e9 prostredieEnvironment\u00e1lna politikaEnvironment\u00e1lna politika vo firmePrioritn\u00fdm z\u00e1ujmom vedenia firmy Glortex a.s. je uspokojovanie potrieb z\u00e1kazn\u00edkov poskytovan\u00edm kvalitn\u00fdch slu\u017eieb a v\u00fdrobkov, trval\u00fd ekonomick\u00fd rast a prosperita spolo\u010dnosti s minim\u00e1lnym negat\u00edvnym dopadom na \u017eivotn\u00e9 prostredie.V s\u00falade s t\u00fdmto z\u00e1merom sa vedenie firmy pri svojich \u010dinnostiach: v\u00fdrobe metylesteru repky olejnej: Vybudova\u0165, udr\u017eiava\u0165 a zlep\u0161ova\u0165 syst\u00e9m environment\u00e1lneho mana\u017e\u00e9rstva v [&hellip;]","og_url":"https:\/\/glortex.eu\/sk\/zivotne-prostredie\/environmentalna-politika\/","og_site_name":"Glortex","article_modified_time":"2026-03-07T10:34:05+00:00","twitter_card":"summary_large_image","schema":{"@context":"https:\/\/schema.org","@graph":[{"@type":"WebPage","@id":"https:\/\/glortex.eu\/sk\/zivotne-prostredie\/environmentalna-politika\/","url":"https:\/\/glortex.eu\/sk\/zivotne-prostredie\/environmentalna-politika\/","name":"Environment\u00e1lna politika - Glortex","isPartOf":{"@id":"https:\/\/glortex.eu\/sk\/#website"},"datePublished":"2023-06-11T17:59:54+00:00","dateModified":"2026-03-07T10:34:05+00:00","breadcrumb":{"@id":"https:\/\/glortex.eu\/sk\/zivotne-prostredie\/environmentalna-politika\/#breadcrumb"},"inLanguage":"sk-SK","potentialAction":[{"@type":"ReadAction","target":["https:\/\/glortex.eu\/sk\/zivotne-prostredie\/environmentalna-politika\/"]}]},{"@type":"BreadcrumbList","@id":"https:\/\/glortex.eu\/sk\/zivotne-prostredie\/environmentalna-politika\/#breadcrumb","itemListElement":[{"@type":"ListItem","position":1,"name":"Home","item":"https:\/\/glortex.eu\/sk\/"},{"@type":"ListItem","position":2,"name":"\u017divotn\u00e9 prostredie","item":"https:\/\/glortex.eu\/sk\/zivotne-prostredie\/"},{"@type":"ListItem","position":3,"name":"Environment\u00e1lna politika"}]},{"@type":"WebSite","@id":"https:\/\/glortex.eu\/sk\/#website","url":"https:\/\/glortex.eu\/sk\/","name":"Glortex","description":"High grade, sustainable Fatty Acid Methyl Esters. Better, cleaner and safer world for future generations","potentialAction":[{"@type":"SearchAction","target":{"@type":"EntryPoint","urlTemplate":"https:\/\/glortex.eu\/sk\/?s={search_term_string}"},"query-input":{"@type":"PropertyValueSpecification","valueRequired":true,"valueName":"search_term_string"}}],"inLanguage":"sk-SK"}]}},"_links":{"self":[{"href":"https:\/\/glortex.eu\/sk\/wp-json\/wp\/v2\/pages\/452","targetHints":{"allow":["GET"]}}],"collection":[{"href":"https:\/\/glortex.eu\/sk\/wp-json\/wp\/v2\/pages"}],"about":[{"href":"https:\/\/glortex.eu\/sk\/wp-json\/wp\/v2\/types\/page"}],"author":[{"embeddable":true,"href":"https:\/\/glortex.eu\/sk\/wp-json\/wp\/v2\/users\/1"}],"replies":[{"embeddable":true,"href":"https:\/\/glortex.eu\/sk\/wp-json\/wp\/v2\/comments?post=452"}],"version-history":[{"count":3,"href":"https:\/\/glortex.eu\/sk\/wp-json\/wp\/v2\/pages\/452\/revisions"}],"predecessor-version":[{"id":810,"href":"https:\/\/glortex.eu\/sk\/wp-json\/wp\/v2\/pages\/452\/revisions\/810"}],"up":[{"embeddable":true,"href":"https:\/\/glortex.eu\/sk\/wp-json\/wp\/v2\/pages\/447"}],"wp:attachment":[{"href":"https:\/\/glortex.eu\/sk\/wp-json\/wp\/v2\/media?parent=452"}],"curies":[{"name":"wp","href":"https:\/\/api.w.org\/{rel}","templated":true}]}}